{"id":6455,"date":"2020-08-14T13:00:59","date_gmt":"2020-08-14T13:00:59","guid":{"rendered":"https:\/\/qtour.org\/?page_id=6455"},"modified":"2020-08-26T09:14:41","modified_gmt":"2020-08-26T09:14:41","slug":"o-izlozbi","status":"publish","type":"page","link":"https:\/\/qtour.org\/en\/ima-jedan-granicar-boja-mu-je-plava\/o-izlozbi\/","title":{"rendered":"O izlo\u017ebi"},"content":{"rendered":"\t\t<div data-elementor-type=\"wp-page\" data-elementor-id=\"6455\" class=\"elementor elementor-6455\">\n\t\t\t\t\t\t<section class=\"elementor-section elementor-top-section elementor-element elementor-element-86d2196 animated-fast elementor-section-content-top elementor-section-boxed elementor-section-height-default elementor-section-height-default elementor-invisible\" data-id=\"86d2196\" data-element_type=\"section\" data-settings=\"{&quot;background_background&quot;:&quot;classic&quot;,&quot;animation&quot;:&quot;slideInRight&quot;,&quot;animation_tablet&quot;:&quot;slideInRight&quot;,&quot;animation_mobile&quot;:&quot;slideInRight&quot;}\">\n\t\t\t\t\t\t\t<div class=\"elementor-background-overlay\"><\/div>\n\t\t\t\t\t\t\t<div class=\"elementor-container elementor-column-gap-no\">\n\t\t\t\t\t<div class=\"elementor-column elementor-col-100 elementor-top-column elementor-element elementor-element-b6a2ad5\" data-id=\"b6a2ad5\" data-element_type=\"column\" data-settings=\"{&quot;background_background&quot;:&quot;classic&quot;}\">\n\t\t\t<div class=\"elementor-widget-wrap elementor-element-populated\">\n\t\t\t\t\t\t<div class=\"elementor-element elementor-element-43c0d8e elementor-widget elementor-widget-heading\" data-id=\"43c0d8e\" data-element_type=\"widget\" data-widget_type=\"heading.default\">\n\t\t\t\t<div class=\"elementor-widget-container\">\n\t\t\t\t\t<h2 class=\"elementor-heading-title elementor-size-default\">O izlo\u017ebi \"Ima jedan Grani\u010dar, boja mu je plava!\"<\/h2>\t\t\t\t<\/div>\n\t\t\t\t<\/div>\n\t\t\t\t<div class=\"elementor-element elementor-element-93907b1 elementor-align-left elementor-button-danger elementor-widget elementor-widget-button\" data-id=\"93907b1\" data-element_type=\"widget\" data-widget_type=\"button.default\">\n\t\t\t\t<div class=\"elementor-widget-container\">\n\t\t\t\t\t\t\t\t\t<div class=\"elementor-button-wrapper\">\n\t\t\t\t\t<a class=\"elementor-button elementor-button-link elementor-size-sm\" href=\"https:\/\/qtour.org\/ima-jedan-granicar-boja-mu-je-plava\/#pocetna-4\">\n\t\t\t\t\t\t<span class=\"elementor-button-content-wrapper\">\n\t\t\t\t\t\t\t\t\t<span class=\"elementor-button-text\">< Vrati na sadr\u017eaj<\/span>\n\t\t\t\t\t<\/span>\n\t\t\t\t\t<\/a>\n\t\t\t\t<\/div>\n\t\t\t\t\t\t\t\t<\/div>\n\t\t\t\t<\/div>\n\t\t\t\t<section class=\"elementor-section elementor-inner-section elementor-element elementor-element-e8f5e47 elementor-section-full_width elementor-section-height-default elementor-section-height-default\" data-id=\"e8f5e47\" data-element_type=\"section\">\n\t\t\t\t\t\t<div class=\"elementor-container elementor-column-gap-default\">\n\t\t\t\t\t<div class=\"elementor-column elementor-col-100 elementor-inner-column elementor-element elementor-element-edacf72\" data-id=\"edacf72\" data-element_type=\"column\" data-settings=\"{&quot;background_background&quot;:&quot;classic&quot;}\">\n\t\t\t<div class=\"elementor-widget-wrap elementor-element-populated\">\n\t\t\t\t\t\t<div class=\"elementor-element elementor-element-d32787a elementor-widget elementor-widget-text-editor\" data-id=\"d32787a\" data-element_type=\"widget\" data-widget_type=\"text-editor.default\">\n\t\t\t\t<div class=\"elementor-widget-container\">\n\t\t\t\t\t\t\t\t\t<p>Ovom izlo\u017ebom Zavi\u010dajni muzej Stjepana Grubera sa svim svojim suradnicima nastojao je odati po\u010dast i iskazati zahvalnost svim onim zaslu\u017enim \u201eGrani\u010darcima\u201c koji su utkali svoje igra\u010dko srce u du\u0161u na\u0161eg grada, kao i svim onima koji su svojim rije\u010dima, fotografijama, tekstovima i glazbom pronijeli ime \u017dupanje kao kolijevke nogometa.<\/p><p>Brojni nara\u0161taji koji su stasali u Grani\u010daru najbolji su dokaz da je sport iznimno va\u017ean oblik zdravstvene, ali i dru\u0161tvene aktivnosti, a sportski klubovi dio identiteta svake zajednice.<\/p><p>Te\u0161ko je bilo u ogromnoj koli\u010dini podataka i fotografija izdvojiti one koji su reprezentativni, te se nadamo da \u0107e svi oni koji zbog ograni\u010denog prostora za prezentiranje gra\u0111e o nogometu u \u017dupanji i Grani\u010daru nisu spomenuti ili prikazani imati razumijevanja. Tako\u0111er se ispri\u010davamo ukoliko je do\u0161lo do nehoti\u010dne pogre\u0161ke u imenovanju ili datumima.<\/p><p>Svim suradnicima, kao i onima koji su nam ustupili svoje materijale, od srca zahvaljujemo!<\/p><p>Upravi i igra\u010dima NK-a \u201eGrani\u010dar\u201c \u010destitamo ovaj veliki jubilej, uz \u017eelju za \u0161to ve\u0107im uspjesima u narednim godinama, a svim \u017dupanjcima \u010destitamo 140 godina od prvog igranja nogometa u Hrvatskoj, \u0161to nam je svima na ponos i veselje.<\/p><p>Organizatori<\/p>\t\t\t\t\t\t\t\t<\/div>\n\t\t\t\t<\/div>\n\t\t\t\t<div class=\"elementor-element elementor-element-1ce8eef elementor-widget-divider--view-line elementor-widget elementor-widget-divider\" data-id=\"1ce8eef\" data-element_type=\"widget\" data-widget_type=\"divider.default\">\n\t\t\t\t<div class=\"elementor-widget-container\">\n\t\t\t\t\t\t\t<div class=\"elementor-divider\">\n\t\t\t<span class=\"elementor-divider-separator\">\n\t\t\t\t\t\t<\/span>\n\t\t<\/div>\n\t\t\t\t\t\t<\/div>\n\t\t\t\t<\/div>\n\t\t\t\t<div class=\"elementor-element elementor-element-9dd5b71 elementor-widget elementor-widget-button\" data-id=\"9dd5b71\" data-element_type=\"widget\" data-widget_type=\"button.default\">\n\t\t\t\t<div class=\"elementor-widget-container\">\n\t\t\t\t\t\t\t\t\t<div class=\"elementor-button-wrapper\">\n\t\t\t\t\t<a class=\"elementor-button elementor-button-link elementor-size-sm\" href=\"https:\/\/qtour.org\/granicar\/literatura\/\">\n\t\t\t\t\t\t<span class=\"elementor-button-content-wrapper\">\n\t\t\t\t\t\t\t\t\t<span class=\"elementor-button-text\">Popis literature<\/span>\n\t\t\t\t\t<\/span>\n\t\t\t\t\t<\/a>\n\t\t\t\t<\/div>\n\t\t\t\t\t\t\t\t<\/div>\n\t\t\t\t<\/div>\n\t\t\t\t<div class=\"elementor-element elementor-element-d18dd11 elementor-widget-divider--view-line elementor-widget elementor-widget-divider\" data-id=\"d18dd11\" data-element_type=\"widget\" data-widget_type=\"divider.default\">\n\t\t\t\t<div class=\"elementor-widget-container\">\n\t\t\t\t\t\t\t<div class=\"elementor-divider\">\n\t\t\t<span class=\"elementor-divider-separator\">\n\t\t\t\t\t\t<\/span>\n\t\t<\/div>\n\t\t\t\t\t\t<\/div>\n\t\t\t\t<\/div>\n\t\t\t\t\t<\/div>\n\t\t<\/div>\n\t\t\t\t\t<\/div>\n\t\t<\/section>\n\t\t\t\t<section class=\"elementor-section elementor-inner-section elementor-element elementor-element-e295ce2 elementor-section-full_width elementor-section-height-default elementor-section-height-default\" data-id=\"e295ce2\" data-element_type=\"section\">\n\t\t\t\t\t\t<div class=\"elementor-container elementor-column-gap-default\">\n\t\t\t\t\t<div class=\"elementor-column elementor-col-50 elementor-inner-column elementor-element elementor-element-40083ea\" data-id=\"40083ea\" data-element_type=\"column\" data-settings=\"{&quot;background_background&quot;:&quot;classic&quot;}\">\n\t\t\t<div class=\"elementor-widget-wrap elementor-element-populated\">\n\t\t\t\t\t\t<div class=\"elementor-element elementor-element-7fb9ebb elementor-align-center elementor-widget elementor-widget-button\" data-id=\"7fb9ebb\" data-element_type=\"widget\" data-widget_type=\"button.default\">\n\t\t\t\t<div class=\"elementor-widget-container\">\n\t\t\t\t\t\t\t\t\t<div class=\"elementor-button-wrapper\">\n\t\t\t\t\t<a class=\"elementor-button elementor-button-link elementor-size-sm\" href=\"https:\/\/qtour.org\/ima-jedan-granicar-boja-mu-je-plava\/#pocetna-17\">\n\t\t\t\t\t\t<span class=\"elementor-button-content-wrapper\">\n\t\t\t\t\t\t\t\t\t<span class=\"elementor-button-text\">Natrag<\/span>\n\t\t\t\t\t<\/span>\n\t\t\t\t\t<\/a>\n\t\t\t\t<\/div>\n\t\t\t\t\t\t\t\t<\/div>\n\t\t\t\t<\/div>\n\t\t\t\t\t<\/div>\n\t\t<\/div>\n\t\t\t\t<div class=\"elementor-column elementor-col-50 elementor-inner-column elementor-element elementor-element-c504c7f\" data-id=\"c504c7f\" data-element_type=\"column\" data-settings=\"{&quot;background_background&quot;:&quot;classic&quot;}\">\n\t\t\t<div class=\"elementor-widget-wrap elementor-element-populated\">\n\t\t\t\t\t\t<div class=\"elementor-element elementor-element-efbd66a elementor-align-center elementor-widget elementor-widget-button\" data-id=\"efbd66a\" data-element_type=\"widget\" data-widget_type=\"button.default\">\n\t\t\t\t<div class=\"elementor-widget-container\">\n\t\t\t\t\t\t\t\t\t<div class=\"elementor-button-wrapper\">\n\t\t\t\t\t<a class=\"elementor-button elementor-button-link elementor-size-sm\" href=\"https:\/\/qtour.org\/ima-jedan-granicar-boja-mu-je-plava\/#pocetna-2\">\n\t\t\t\t\t\t<span class=\"elementor-button-content-wrapper\">\n\t\t\t\t\t\t\t\t\t<span class=\"elementor-button-text\">Vrati na po\u010detak<\/span>\n\t\t\t\t\t<\/span>\n\t\t\t\t\t<\/a>\n\t\t\t\t<\/div>\n\t\t\t\t\t\t\t\t<\/div>\n\t\t\t\t<\/div>\n\t\t\t\t\t<\/div>\n\t\t<\/div>\n\t\t\t\t\t<\/div>\n\t\t<\/section>\n\t\t\t\t\t<\/div>\n\t\t<\/div>\n\t\t\t\t\t<\/div>\n\t\t<\/section>\n\t\t\t\t<\/div>\n\t\t","protected":false},"excerpt":{"rendered":"<p>O izlo\u017ebi &#8220;Ima jedan Grani\u010dar, boja mu je plava!&#8221; < Vrati na sadr\u017eaj Ovom izlo\u017ebom Zavi\u010dajni muzej Stjepana Grubera sa svim svojim suradnicima nastojao je odati po\u010dast i iskazati zahvalnost svim onim zaslu\u017enim \u201eGrani\u010darcima\u201c koji su utkali svoje igra\u010dko srce u du\u0161u na\u0161eg grada, kao i svim onima koji su svojim rije\u010dima, fotografijama, tekstovima i&hellip;&nbsp;<a href=\"https:\/\/qtour.org\/en\/ima-jedan-granicar-boja-mu-je-plava\/o-izlozbi\/\" class=\"\" rel=\"bookmark\">Read More &raquo;<span class=\"screen-reader-text\">O izlo\u017ebi<\/span><\/a><\/p>\n","protected":false},"author":1,"featured_media":6659,"parent":5856,"menu_order":0,"comment_status":"closed","ping_status":"closed","template":"elementor_header_footer","meta":{"footnotes":""},"tags":[],"folder":[9],"class_list":["post-6455","page","type-page","status-publish","has-post-thumbnail","hentry"],"_links":{"self":[{"href":"https:\/\/qtour.org\/en\/wp-json\/wp\/v2\/pages\/6455","targetHints":{"allow":["GET"]}}],"collection":[{"href":"https:\/\/qtour.org\/en\/wp-json\/wp\/v2\/pages"}],"about":[{"href":"https:\/\/qtour.org\/en\/wp-json\/wp\/v2\/types\/page"}],"author":[{"embeddable":true,"href":"https:\/\/qtour.org\/en\/wp-json\/wp\/v2\/users\/1"}],"replies":[{"embeddable":true,"href":"https:\/\/qtour.org\/en\/wp-json\/wp\/v2\/comments?post=6455"}],"version-history":[{"count":0,"href":"https:\/\/qtour.org\/en\/wp-json\/wp\/v2\/pages\/6455\/revisions"}],"up":[{"embeddable":true,"href":"https:\/\/qtour.org\/en\/wp-json\/wp\/v2\/pages\/5856"}],"wp:featuredmedia":[{"embeddable":true,"href":"https:\/\/qtour.org\/en\/wp-json\/wp\/v2\/media\/6659"}],"wp:attachment":[{"href":"https:\/\/qtour.org\/en\/wp-json\/wp\/v2\/media?parent=6455"}],"wp:term":[{"taxonomy":"post_tag","embeddable":true,"href":"https:\/\/qtour.org\/en\/wp-json\/wp\/v2\/tags?post=6455"},{"taxonomy":"folder","embeddable":true,"href":"https:\/\/qtour.org\/en\/wp-json\/wp\/v2\/folder?post=6455"}],"curies":[{"name":"wp","href":"https:\/\/api.w.org\/{rel}","templated":true}]}}