{"id":6335,"date":"2020-08-12T10:53:31","date_gmt":"2020-08-12T10:53:31","guid":{"rendered":"https:\/\/qtour.org\/?page_id=6335"},"modified":"2020-08-26T09:13:02","modified_gmt":"2020-08-26T09:13:02","slug":"nk-granicar-1970-1980","status":"publish","type":"page","link":"https:\/\/qtour.org\/en\/ima-jedan-granicar-boja-mu-je-plava\/nk-granicar-1970-1980\/","title":{"rendered":"NK \u201eGRANI\u010cAR\u201c 1970.- 1980."},"content":{"rendered":"\t\t<div data-elementor-type=\"wp-page\" data-elementor-id=\"6335\" class=\"elementor elementor-6335\">\n\t\t\t\t\t\t<section class=\"elementor-section elementor-top-section elementor-element elementor-element-64d6ac5 animated-fast elementor-section-content-top elementor-section-boxed elementor-section-height-default elementor-section-height-default elementor-invisible\" data-id=\"64d6ac5\" data-element_type=\"section\" data-settings=\"{&quot;background_background&quot;:&quot;classic&quot;,&quot;animation&quot;:&quot;slideInRight&quot;,&quot;animation_tablet&quot;:&quot;slideInRight&quot;,&quot;animation_mobile&quot;:&quot;slideInRight&quot;}\">\n\t\t\t\t\t\t\t<div class=\"elementor-background-overlay\"><\/div>\n\t\t\t\t\t\t\t<div class=\"elementor-container elementor-column-gap-no\">\n\t\t\t\t\t<div class=\"elementor-column elementor-col-100 elementor-top-column elementor-element elementor-element-bc16a77\" data-id=\"bc16a77\" data-element_type=\"column\" data-settings=\"{&quot;background_background&quot;:&quot;classic&quot;}\">\n\t\t\t<div class=\"elementor-widget-wrap elementor-element-populated\">\n\t\t\t\t\t\t<div class=\"elementor-element elementor-element-0638e1b elementor-widget elementor-widget-heading\" data-id=\"0638e1b\" data-element_type=\"widget\" data-widget_type=\"heading.default\">\n\t\t\t\t<div class=\"elementor-widget-container\">\n\t\t\t\t\t<h2 class=\"elementor-heading-title elementor-size-default\">NK \u201eGRANI\u010cAR\u201c 1970.- 1980. G.<\/h2>\t\t\t\t<\/div>\n\t\t\t\t<\/div>\n\t\t\t\t<div class=\"elementor-element elementor-element-1f51a23 elementor-align-left elementor-button-danger elementor-widget elementor-widget-button\" data-id=\"1f51a23\" data-element_type=\"widget\" data-widget_type=\"button.default\">\n\t\t\t\t<div class=\"elementor-widget-container\">\n\t\t\t\t\t\t\t\t\t<div class=\"elementor-button-wrapper\">\n\t\t\t\t\t<a class=\"elementor-button elementor-button-link elementor-size-sm\" href=\"https:\/\/qtour.org\/ima-jedan-granicar-boja-mu-je-plava\/#pocetna-4\">\n\t\t\t\t\t\t<span class=\"elementor-button-content-wrapper\">\n\t\t\t\t\t\t\t\t\t<span class=\"elementor-button-text\">< Vrati na sadr\u017eaj<\/span>\n\t\t\t\t\t<\/span>\n\t\t\t\t\t<\/a>\n\t\t\t\t<\/div>\n\t\t\t\t\t\t\t\t<\/div>\n\t\t\t\t<\/div>\n\t\t\t\t<section class=\"elementor-section elementor-inner-section elementor-element elementor-element-f3b6943 elementor-section-full_width elementor-section-height-default elementor-section-height-default\" data-id=\"f3b6943\" data-element_type=\"section\">\n\t\t\t\t\t\t<div class=\"elementor-container elementor-column-gap-default\">\n\t\t\t\t\t<div class=\"elementor-column elementor-col-100 elementor-inner-column elementor-element elementor-element-bde69f4\" data-id=\"bde69f4\" data-element_type=\"column\" data-settings=\"{&quot;background_background&quot;:&quot;classic&quot;}\">\n\t\t\t<div class=\"elementor-widget-wrap elementor-element-populated\">\n\t\t\t\t\t\t<div class=\"elementor-element elementor-element-83a3679 elementor-widget elementor-widget-text-editor\" data-id=\"83a3679\" data-element_type=\"widget\" data-widget_type=\"text-editor.default\">\n\t\t\t\t<div class=\"elementor-widget-container\">\n\t\t\t\t\t\t\t\t\t<p>U 1970-ima Grani\u010dar je do\u017eivio svoje prve \u201ezlatne godine\u201c<em>.<\/em> Proslavljen je \u201ezlatni jubilej\u201c \u2013 50 godina od osnutka kluba, a postignuti su i veliki sportski uspjesi.<\/p><p>U 1970-ima NK \u201eGrani\u010dar\u201c ostvario je uspjeh u <strong>posavskom dijelu Slavonske lige,<\/strong> a u sezoni <strong>1975.\/76. do\u017eivio je najve\u0107i uspjeh do tada<\/strong>, kada je pobjedom nad NK \u201eFru\u0161kogorac\u201c iz Iloka ostvario <strong>plasman u Hrvatsku nogometnu ligu \u2013 skupina sjever<\/strong>. Novom reorganizacijom 1979. godine NK \u201eGrani\u010dar\u201c seli u <strong>Jedinstvenu nogometnu ligu Slavonije i Baranje<\/strong> (Batarilovi\u0107, 2005: 76\u201384).<\/p><p>Prema podatcima <strong>Mihaela Nikoli\u0107a,<\/strong> predsjednika i statisti\u010dara kluba, koje je on prikupio za proslavu 60 godina Grani\u010dara, dotad je postignuto ukupno 5177 golova, a dotada\u0161nji rekorderi \u00a0bili su <strong>Franjo Varnus<\/strong> (331 zgoditak) i <strong>Andrija Balentovi\u0107-Galo<\/strong> (257 zgoditaka), koji je dotad odigrao \u010dak 641 utakmica za NK \u201eGrani\u010dar\u201c. Dotad je NK \u201eGrani\u010dar\u201c odigrao 1955 utakmica (1014 pobjeda, 593 poraza i 347 neodlu\u010dnih rezultata). Nikoli\u0107 isti\u010de i <strong>obitelj Macko<\/strong>, \u010diji su brojni \u010dlanovi bili prvotimci NK-a \u201eGrani\u010dar\u201c\u00a0 Te\u0161ko je nabrojati sve zaslu\u017ene za uspjeh NK-a \u201eGrani\u010dar\u201c u 70-ima, ali svakako treba istaknuti <strong>\u0110uku Ba\u010di\u0107a, <\/strong>jednog od najzaslu\u017enijih za veliki uspjeh pri plasmanu u vi\u0161u ligu <strong>1976. godine.<\/strong><\/p>\t\t\t\t\t\t\t\t<\/div>\n\t\t\t\t<\/div>\n\t\t\t\t\t<\/div>\n\t\t<\/div>\n\t\t\t\t\t<\/div>\n\t\t<\/section>\n\t\t\t\t<section class=\"elementor-section elementor-inner-section elementor-element elementor-element-0d1667b elementor-section-full_width elementor-section-height-default elementor-section-height-default\" data-id=\"0d1667b\" data-element_type=\"section\">\n\t\t\t\t\t\t<div class=\"elementor-container elementor-column-gap-default\">\n\t\t\t\t\t<div class=\"elementor-column elementor-col-50 elementor-inner-column elementor-element elementor-element-37d3e53\" data-id=\"37d3e53\" data-element_type=\"column\" data-settings=\"{&quot;background_background&quot;:&quot;classic&quot;}\">\n\t\t\t<div class=\"elementor-widget-wrap elementor-element-populated\">\n\t\t\t\t\t\t<div class=\"elementor-element elementor-element-9bfa914 elementor-align-center elementor-widget elementor-widget-button\" data-id=\"9bfa914\" data-element_type=\"widget\" data-widget_type=\"button.default\">\n\t\t\t\t<div class=\"elementor-widget-container\">\n\t\t\t\t\t\t\t\t\t<div class=\"elementor-button-wrapper\">\n\t\t\t\t\t<a class=\"elementor-button elementor-button-link elementor-size-sm\" href=\"https:\/\/qtour.org\/ima-jedan-granicar-boja-mu-je-plava\/#pocetna-11\">\n\t\t\t\t\t\t<span class=\"elementor-button-content-wrapper\">\n\t\t\t\t\t\t\t\t\t<span class=\"elementor-button-text\">Natrag<\/span>\n\t\t\t\t\t<\/span>\n\t\t\t\t\t<\/a>\n\t\t\t\t<\/div>\n\t\t\t\t\t\t\t\t<\/div>\n\t\t\t\t<\/div>\n\t\t\t\t\t<\/div>\n\t\t<\/div>\n\t\t\t\t<div class=\"elementor-column elementor-col-50 elementor-inner-column elementor-element elementor-element-fb7fd8a\" data-id=\"fb7fd8a\" data-element_type=\"column\" data-settings=\"{&quot;background_background&quot;:&quot;classic&quot;}\">\n\t\t\t<div class=\"elementor-widget-wrap elementor-element-populated\">\n\t\t\t\t\t\t<div class=\"elementor-element elementor-element-101912e elementor-align-center elementor-widget elementor-widget-button\" data-id=\"101912e\" data-element_type=\"widget\" data-widget_type=\"button.default\">\n\t\t\t\t<div class=\"elementor-widget-container\">\n\t\t\t\t\t\t\t\t\t<div class=\"elementor-button-wrapper\">\n\t\t\t\t\t<a class=\"elementor-button elementor-button-link elementor-size-sm\" href=\"https:\/\/qtour.org\/ima-jedan-granicar-boja-mu-je-plava\/#pocetna-4\">\n\t\t\t\t\t\t<span class=\"elementor-button-content-wrapper\">\n\t\t\t\t\t\t\t\t\t<span class=\"elementor-button-text\">Vrati na sadr\u017eaj<\/span>\n\t\t\t\t\t<\/span>\n\t\t\t\t\t<\/a>\n\t\t\t\t<\/div>\n\t\t\t\t\t\t\t\t<\/div>\n\t\t\t\t<\/div>\n\t\t\t\t\t<\/div>\n\t\t<\/div>\n\t\t\t\t\t<\/div>\n\t\t<\/section>\n\t\t\t\t\t<\/div>\n\t\t<\/div>\n\t\t\t\t\t<\/div>\n\t\t<\/section>\n\t\t\t\t<\/div>\n\t\t","protected":false},"excerpt":{"rendered":"<p>NK \u201eGRANI\u010cAR\u201c 1970.- 1980. G. < Vrati na sadr\u017eaj U 1970-ima Grani\u010dar je do\u017eivio svoje prve \u201ezlatne godine\u201c. Proslavljen je \u201ezlatni jubilej\u201c \u2013 50 godina od osnutka kluba, a postignuti su i veliki sportski uspjesi. U 1970-ima NK \u201eGrani\u010dar\u201c ostvario je uspjeh u posavskom dijelu Slavonske lige, a u sezoni 1975.\/76. do\u017eivio je najve\u0107i uspjeh&hellip;&nbsp;<a href=\"https:\/\/qtour.org\/en\/ima-jedan-granicar-boja-mu-je-plava\/nk-granicar-1970-1980\/\" class=\"\" rel=\"bookmark\">Read More &raquo;<span class=\"screen-reader-text\">NK \u201eGRANI\u010cAR\u201c 1970.- 1980.<\/span><\/a><\/p>\n","protected":false},"author":1,"featured_media":6659,"parent":5856,"menu_order":0,"comment_status":"closed","ping_status":"closed","template":"elementor_header_footer","meta":{"footnotes":""},"tags":[],"folder":[9],"class_list":["post-6335","page","type-page","status-publish","has-post-thumbnail","hentry"],"_links":{"self":[{"href":"https:\/\/qtour.org\/en\/wp-json\/wp\/v2\/pages\/6335","targetHints":{"allow":["GET"]}}],"collection":[{"href":"https:\/\/qtour.org\/en\/wp-json\/wp\/v2\/pages"}],"about":[{"href":"https:\/\/qtour.org\/en\/wp-json\/wp\/v2\/types\/page"}],"author":[{"embeddable":true,"href":"https:\/\/qtour.org\/en\/wp-json\/wp\/v2\/users\/1"}],"replies":[{"embeddable":true,"href":"https:\/\/qtour.org\/en\/wp-json\/wp\/v2\/comments?post=6335"}],"version-history":[{"count":0,"href":"https:\/\/qtour.org\/en\/wp-json\/wp\/v2\/pages\/6335\/revisions"}],"up":[{"embeddable":true,"href":"https:\/\/qtour.org\/en\/wp-json\/wp\/v2\/pages\/5856"}],"wp:featuredmedia":[{"embeddable":true,"href":"https:\/\/qtour.org\/en\/wp-json\/wp\/v2\/media\/6659"}],"wp:attachment":[{"href":"https:\/\/qtour.org\/en\/wp-json\/wp\/v2\/media?parent=6335"}],"wp:term":[{"taxonomy":"post_tag","embeddable":true,"href":"https:\/\/qtour.org\/en\/wp-json\/wp\/v2\/tags?post=6335"},{"taxonomy":"folder","embeddable":true,"href":"https:\/\/qtour.org\/en\/wp-json\/wp\/v2\/folder?post=6335"}],"curies":[{"name":"wp","href":"https:\/\/api.w.org\/{rel}","templated":true}]}}