{"id":6315,"date":"2020-08-12T09:41:25","date_gmt":"2020-08-12T09:41:25","guid":{"rendered":"https:\/\/qtour.org\/?page_id=6315"},"modified":"2020-08-26T09:11:57","modified_gmt":"2020-08-26T09:11:57","slug":"nk-granicar-1960-1970","status":"publish","type":"page","link":"https:\/\/qtour.org\/en\/ima-jedan-granicar-boja-mu-je-plava\/nk-granicar-1960-1970\/","title":{"rendered":"NK \u201eGRANI\u010cAR&#8221; 1960.- 1970.\u200b"},"content":{"rendered":"\t\t<div data-elementor-type=\"wp-page\" data-elementor-id=\"6315\" class=\"elementor elementor-6315\">\n\t\t\t\t\t\t<section class=\"elementor-section elementor-top-section elementor-element elementor-element-32c2650 animated-fast elementor-section-content-top elementor-section-boxed elementor-section-height-default elementor-section-height-default elementor-invisible\" data-id=\"32c2650\" data-element_type=\"section\" data-settings=\"{&quot;background_background&quot;:&quot;classic&quot;,&quot;animation&quot;:&quot;slideInRight&quot;,&quot;animation_tablet&quot;:&quot;slideInRight&quot;,&quot;animation_mobile&quot;:&quot;slideInRight&quot;}\">\n\t\t\t\t\t\t\t<div class=\"elementor-background-overlay\"><\/div>\n\t\t\t\t\t\t\t<div class=\"elementor-container elementor-column-gap-no\">\n\t\t\t\t\t<div class=\"elementor-column elementor-col-100 elementor-top-column elementor-element elementor-element-5af10a3\" data-id=\"5af10a3\" data-element_type=\"column\" data-settings=\"{&quot;background_background&quot;:&quot;classic&quot;}\">\n\t\t\t<div class=\"elementor-widget-wrap elementor-element-populated\">\n\t\t\t\t\t\t<div class=\"elementor-element elementor-element-2a18368 elementor-widget elementor-widget-heading\" data-id=\"2a18368\" data-element_type=\"widget\" data-widget_type=\"heading.default\">\n\t\t\t\t<div class=\"elementor-widget-container\">\n\t\t\t\t\t<h2 class=\"elementor-heading-title elementor-size-default\">NK \u201eGRANI\u010cAR\u201c 1960.- 1970. G.<\/h2>\t\t\t\t<\/div>\n\t\t\t\t<\/div>\n\t\t\t\t<div class=\"elementor-element elementor-element-17fb73a elementor-align-left elementor-button-danger elementor-widget elementor-widget-button\" data-id=\"17fb73a\" data-element_type=\"widget\" data-widget_type=\"button.default\">\n\t\t\t\t<div class=\"elementor-widget-container\">\n\t\t\t\t\t\t\t\t\t<div class=\"elementor-button-wrapper\">\n\t\t\t\t\t<a class=\"elementor-button elementor-button-link elementor-size-sm\" href=\"https:\/\/qtour.org\/ima-jedan-granicar-boja-mu-je-plava\/#pocetna-4\">\n\t\t\t\t\t\t<span class=\"elementor-button-content-wrapper\">\n\t\t\t\t\t\t\t\t\t<span class=\"elementor-button-text\">< Vrati na sadr\u017eaj<\/span>\n\t\t\t\t\t<\/span>\n\t\t\t\t\t<\/a>\n\t\t\t\t<\/div>\n\t\t\t\t\t\t\t\t<\/div>\n\t\t\t\t<\/div>\n\t\t\t\t<section class=\"elementor-section elementor-inner-section elementor-element elementor-element-67021e8 elementor-section-full_width elementor-section-height-default elementor-section-height-default\" data-id=\"67021e8\" data-element_type=\"section\">\n\t\t\t\t\t\t<div class=\"elementor-container elementor-column-gap-default\">\n\t\t\t\t\t<div class=\"elementor-column elementor-col-100 elementor-inner-column elementor-element elementor-element-2cdf2e8\" data-id=\"2cdf2e8\" data-element_type=\"column\" data-settings=\"{&quot;background_background&quot;:&quot;classic&quot;}\">\n\t\t\t<div class=\"elementor-widget-wrap elementor-element-populated\">\n\t\t\t\t\t\t<div class=\"elementor-element elementor-element-188f74a elementor-widget elementor-widget-text-editor\" data-id=\"188f74a\" data-element_type=\"widget\" data-widget_type=\"text-editor.default\">\n\t\t\t\t<div class=\"elementor-widget-container\">\n\t\t\t\t\t\t\t\t\t<p>U okviru <strong>Vinkova\u010dkog podsaveza<\/strong> NK \u201eGrani\u010dar\u201c u 1950-im i 1960-im\u00a0 godinama zauzima prosje\u010dna mjesta na ljestvici. No ipak se uspio plasirati u <strong>Slavonsku nogometnu ligu 1960. godine.<\/strong><\/p><p>U goste su NK-u \u201eGrani\u010dar\u201c tada dolazili i veliki klubovi poput NK \u201ePartizan\u201c iz Beograda 1964. godine, NK \u201eDinamo\u201c iz Zagreba 1967. godine i NK \u201eHajduka\u201c iz Splita 1969. godine.<\/p><p>NK \u201eGrani\u010dar\u201c sudjeluje i na razli\u010ditim turnirima i amaterskim prvenstvima, a sura\u0111uje i natje\u010de se i s drugim gradskim klubom,<strong> NK-om \u201eRadni\u010dki\u201c.<\/strong><\/p><p>Va\u017enu je ulogu u ovom i kasnijem razdoblju ostvario igra\u010d, a kasnije i trener <strong>Marijan Spai\u0107-Zec.<\/strong><\/p><p>Godine <strong>1961<\/strong>. proslavljena je 40. godi\u0161njica kluba i pritom izdana prigodna monografija. Ivo Balentovi\u0107 i \u0110uka Verner svojim su zapisima i fotografijama ve\u0107 tada utjecali na popularizaciju teze o \u017dupanji kao kolijevci nogometa, te je kao posljedicu te dobre promid\u017ebe i argumentacije<strong> 1969. g<\/strong>. na stadionu Grani\u010dara tada\u0161nji <strong>Nogometni (fudbalski) savez Jugoslavije<\/strong> postavio <strong>spomen plo\u010du<\/strong> povodom 50. obljetnice svog nastanka i u znak sje\u0107anja na prvo igranje nogometa u tada\u0161njoj Jugoslaviji 1880. g u \u017dupanji, \u010dime je \u017dupanji priznat status \u201ekolijevke nogometa\u201c.<\/p>\t\t\t\t\t\t\t\t<\/div>\n\t\t\t\t<\/div>\n\t\t\t\t\t<\/div>\n\t\t<\/div>\n\t\t\t\t\t<\/div>\n\t\t<\/section>\n\t\t\t\t<section class=\"elementor-section elementor-inner-section elementor-element elementor-element-9e7413f elementor-section-full_width elementor-section-height-default elementor-section-height-default\" data-id=\"9e7413f\" data-element_type=\"section\">\n\t\t\t\t\t\t<div class=\"elementor-container elementor-column-gap-default\">\n\t\t\t\t\t<div class=\"elementor-column elementor-col-50 elementor-inner-column elementor-element elementor-element-3c912c7\" data-id=\"3c912c7\" data-element_type=\"column\" data-settings=\"{&quot;background_background&quot;:&quot;classic&quot;}\">\n\t\t\t<div class=\"elementor-widget-wrap elementor-element-populated\">\n\t\t\t\t\t\t<div class=\"elementor-element elementor-element-cc9062d elementor-align-center elementor-widget elementor-widget-button\" data-id=\"cc9062d\" data-element_type=\"widget\" data-widget_type=\"button.default\">\n\t\t\t\t<div class=\"elementor-widget-container\">\n\t\t\t\t\t\t\t\t\t<div class=\"elementor-button-wrapper\">\n\t\t\t\t\t<a class=\"elementor-button elementor-button-link elementor-size-sm\" href=\"https:\/\/qtour.org\/granicar\/#pocetna-10\">\n\t\t\t\t\t\t<span class=\"elementor-button-content-wrapper\">\n\t\t\t\t\t\t\t\t\t<span class=\"elementor-button-text\">Natrag<\/span>\n\t\t\t\t\t<\/span>\n\t\t\t\t\t<\/a>\n\t\t\t\t<\/div>\n\t\t\t\t\t\t\t\t<\/div>\n\t\t\t\t<\/div>\n\t\t\t\t\t<\/div>\n\t\t<\/div>\n\t\t\t\t<div class=\"elementor-column elementor-col-50 elementor-inner-column elementor-element elementor-element-2949ddb\" data-id=\"2949ddb\" data-element_type=\"column\" data-settings=\"{&quot;background_background&quot;:&quot;classic&quot;}\">\n\t\t\t<div class=\"elementor-widget-wrap elementor-element-populated\">\n\t\t\t\t\t\t<div class=\"elementor-element elementor-element-64fdb30 elementor-align-center elementor-widget elementor-widget-button\" data-id=\"64fdb30\" data-element_type=\"widget\" data-widget_type=\"button.default\">\n\t\t\t\t<div class=\"elementor-widget-container\">\n\t\t\t\t\t\t\t\t\t<div class=\"elementor-button-wrapper\">\n\t\t\t\t\t<a class=\"elementor-button elementor-button-link elementor-size-sm\" href=\"https:\/\/qtour.org\/ima-jedan-granicar-boja-mu-je-plava\/#pocetna-4\">\n\t\t\t\t\t\t<span class=\"elementor-button-content-wrapper\">\n\t\t\t\t\t\t\t\t\t<span class=\"elementor-button-text\">Vrati na sadr\u017eaj<\/span>\n\t\t\t\t\t<\/span>\n\t\t\t\t\t<\/a>\n\t\t\t\t<\/div>\n\t\t\t\t\t\t\t\t<\/div>\n\t\t\t\t<\/div>\n\t\t\t\t\t<\/div>\n\t\t<\/div>\n\t\t\t\t\t<\/div>\n\t\t<\/section>\n\t\t\t\t\t<\/div>\n\t\t<\/div>\n\t\t\t\t\t<\/div>\n\t\t<\/section>\n\t\t\t\t<\/div>\n\t\t","protected":false},"excerpt":{"rendered":"<p>NK \u201eGRANI\u010cAR\u201c 1960.- 1970. G. < Vrati na sadr\u017eaj U okviru Vinkova\u010dkog podsaveza NK \u201eGrani\u010dar\u201c u 1950-im i 1960-im\u00a0 godinama zauzima prosje\u010dna mjesta na ljestvici. No ipak se uspio plasirati u Slavonsku nogometnu ligu 1960. godine. U goste su NK-u \u201eGrani\u010dar\u201c tada dolazili i veliki klubovi poput NK \u201ePartizan\u201c iz Beograda 1964. godine, NK \u201eDinamo\u201c&hellip;&nbsp;<a href=\"https:\/\/qtour.org\/en\/ima-jedan-granicar-boja-mu-je-plava\/nk-granicar-1960-1970\/\" class=\"\" rel=\"bookmark\">Read More &raquo;<span class=\"screen-reader-text\">NK \u201eGRANI\u010cAR&#8221; 1960.- 1970.\u200b<\/span><\/a><\/p>\n","protected":false},"author":1,"featured_media":6659,"parent":5856,"menu_order":0,"comment_status":"closed","ping_status":"closed","template":"elementor_header_footer","meta":{"footnotes":""},"tags":[],"folder":[9],"class_list":["post-6315","page","type-page","status-publish","has-post-thumbnail","hentry"],"_links":{"self":[{"href":"https:\/\/qtour.org\/en\/wp-json\/wp\/v2\/pages\/6315","targetHints":{"allow":["GET"]}}],"collection":[{"href":"https:\/\/qtour.org\/en\/wp-json\/wp\/v2\/pages"}],"about":[{"href":"https:\/\/qtour.org\/en\/wp-json\/wp\/v2\/types\/page"}],"author":[{"embeddable":true,"href":"https:\/\/qtour.org\/en\/wp-json\/wp\/v2\/users\/1"}],"replies":[{"embeddable":true,"href":"https:\/\/qtour.org\/en\/wp-json\/wp\/v2\/comments?post=6315"}],"version-history":[{"count":0,"href":"https:\/\/qtour.org\/en\/wp-json\/wp\/v2\/pages\/6315\/revisions"}],"up":[{"embeddable":true,"href":"https:\/\/qtour.org\/en\/wp-json\/wp\/v2\/pages\/5856"}],"wp:featuredmedia":[{"embeddable":true,"href":"https:\/\/qtour.org\/en\/wp-json\/wp\/v2\/media\/6659"}],"wp:attachment":[{"href":"https:\/\/qtour.org\/en\/wp-json\/wp\/v2\/media?parent=6315"}],"wp:term":[{"taxonomy":"post_tag","embeddable":true,"href":"https:\/\/qtour.org\/en\/wp-json\/wp\/v2\/tags?post=6315"},{"taxonomy":"folder","embeddable":true,"href":"https:\/\/qtour.org\/en\/wp-json\/wp\/v2\/folder?post=6315"}],"curies":[{"name":"wp","href":"https:\/\/api.w.org\/{rel}","templated":true}]}}