{"id":6429,"date":"2020-08-14T10:06:49","date_gmt":"2020-08-14T10:06:49","guid":{"rendered":"https:\/\/qtour.org\/?page_id=6429"},"modified":"2020-08-26T09:14:09","modified_gmt":"2020-08-26T09:14:09","slug":"nk-granicar-2010-2020","status":"publish","type":"page","link":"https:\/\/qtour.org\/de\/ima-jedan-granicar-boja-mu-je-plava\/nk-granicar-2010-2020\/","title":{"rendered":"NK \u201eGRANI\u010cAR\u201c 2010.-2020."},"content":{"rendered":"\t\t<div data-elementor-type=\"wp-page\" data-elementor-id=\"6429\" class=\"elementor elementor-6429\">\n\t\t\t\t\t\t<section class=\"elementor-section elementor-top-section elementor-element elementor-element-8c971bb animated-fast elementor-section-content-top elementor-section-boxed elementor-section-height-default elementor-section-height-default elementor-invisible\" data-id=\"8c971bb\" data-element_type=\"section\" data-settings=\"{&quot;background_background&quot;:&quot;classic&quot;,&quot;animation&quot;:&quot;slideInRight&quot;,&quot;animation_tablet&quot;:&quot;slideInRight&quot;,&quot;animation_mobile&quot;:&quot;slideInRight&quot;}\">\n\t\t\t\t\t\t\t<div class=\"elementor-background-overlay\"><\/div>\n\t\t\t\t\t\t\t<div class=\"elementor-container elementor-column-gap-no\">\n\t\t\t\t\t<div class=\"elementor-column elementor-col-100 elementor-top-column elementor-element elementor-element-f04e8ee\" data-id=\"f04e8ee\" data-element_type=\"column\" data-settings=\"{&quot;background_background&quot;:&quot;classic&quot;}\">\n\t\t\t<div class=\"elementor-widget-wrap elementor-element-populated\">\n\t\t\t\t\t\t<div class=\"elementor-element elementor-element-d1afff5 elementor-widget elementor-widget-heading\" data-id=\"d1afff5\" data-element_type=\"widget\" data-widget_type=\"heading.default\">\n\t\t\t\t<div class=\"elementor-widget-container\">\n\t\t\t\t\t<h2 class=\"elementor-heading-title elementor-size-default\">NK \u201eGRANI\u010cAR\u201c 2010.-2020. G.<\/h2>\t\t\t\t<\/div>\n\t\t\t\t<\/div>\n\t\t\t\t<div class=\"elementor-element elementor-element-8b34877 elementor-align-left elementor-button-danger elementor-widget elementor-widget-button\" data-id=\"8b34877\" data-element_type=\"widget\" data-widget_type=\"button.default\">\n\t\t\t\t<div class=\"elementor-widget-container\">\n\t\t\t\t\t\t\t\t\t<div class=\"elementor-button-wrapper\">\n\t\t\t\t\t<a class=\"elementor-button elementor-button-link elementor-size-sm\" href=\"https:\/\/qtour.org\/ima-jedan-granicar-boja-mu-je-plava\/#pocetna-4\">\n\t\t\t\t\t\t<span class=\"elementor-button-content-wrapper\">\n\t\t\t\t\t\t\t\t\t<span class=\"elementor-button-text\">< Vrati na sadr\u017eaj<\/span>\n\t\t\t\t\t<\/span>\n\t\t\t\t\t<\/a>\n\t\t\t\t<\/div>\n\t\t\t\t\t\t\t\t<\/div>\n\t\t\t\t<\/div>\n\t\t\t\t<section class=\"elementor-section elementor-inner-section elementor-element elementor-element-e668d88 elementor-section-full_width elementor-section-height-default elementor-section-height-default\" data-id=\"e668d88\" data-element_type=\"section\">\n\t\t\t\t\t\t<div class=\"elementor-container elementor-column-gap-default\">\n\t\t\t\t\t<div class=\"elementor-column elementor-col-100 elementor-inner-column elementor-element elementor-element-1c5a011\" data-id=\"1c5a011\" data-element_type=\"column\" data-settings=\"{&quot;background_background&quot;:&quot;classic&quot;}\">\n\t\t\t<div class=\"elementor-widget-wrap elementor-element-populated\">\n\t\t\t\t\t\t<div class=\"elementor-element elementor-element-df4da04 elementor-widget elementor-widget-text-editor\" data-id=\"df4da04\" data-element_type=\"widget\" data-widget_type=\"text-editor.default\">\n\t\t\t\t<div class=\"elementor-widget-container\">\n\t\t\t\t\t\t\t\t\t<p>Nakon privremenog pada u \u010cetvrtu hrvatsku ligu, Grani\u010dar se od <strong>2019. g<\/strong>. ponovo natje\u010de u <strong>Tre\u0107oj hrvatskoj nogometnoj ligi istok.<\/strong> U nekoliko navrata u\u0161ao je u <strong>1\/16 zavr\u0161nice Hrvatskog kupa.<\/strong><\/p><p>NK \u201eGrani\u010dar\u201c se ponosi i time da su u njegovom dresu igrali neki <strong>poznati hrvatski nogometa\u0161i,<\/strong> kao \u0161to su<strong> Ivan Cvjetkovi\u0107, Dario \u017dupari\u0107, Bruno Goda, Ivan Filipovi\u0107 <\/strong>i mnogi drugi.<\/p><p>U godini kad slavi 100 godina od osnutka, NK \u201eGrani\u010dar\u201c djeluje u <strong>niz kategorija<\/strong>: lima\u010di, mla\u0111i pioniri, stariji pioniri, juniori, seniori, a s posebnim ponosom Grani\u010dar razvija i obrazuje <strong>selekciju mladih nogometa\u0161ica<\/strong> u kategorijama po\u010detnica, kadetkinja i seniorki.<\/p><p>Iz svega navedenog proizlazi da su i NK \u201eGrani\u010dar\u201c i nogomet op\u0107enito duboko pro\u017eeli svaku poru grada \u017dupanje. Neizostavni su dio svakog dru\u0161tvenog, sportskog i kulturnog doga\u0111aja, a mlade\u017e koja stasa u nogometnim redovima predstavlja jedan od najva\u017enijih potencijala grada.<\/p>\t\t\t\t\t\t\t\t<\/div>\n\t\t\t\t<\/div>\n\t\t\t\t\t<\/div>\n\t\t<\/div>\n\t\t\t\t\t<\/div>\n\t\t<\/section>\n\t\t\t\t<section class=\"elementor-section elementor-inner-section elementor-element elementor-element-cd993f7 elementor-section-full_width elementor-section-height-default elementor-section-height-default\" data-id=\"cd993f7\" data-element_type=\"section\">\n\t\t\t\t\t\t<div class=\"elementor-container elementor-column-gap-default\">\n\t\t\t\t\t<div class=\"elementor-column elementor-col-50 elementor-inner-column elementor-element elementor-element-13f1f26\" data-id=\"13f1f26\" data-element_type=\"column\" data-settings=\"{&quot;background_background&quot;:&quot;classic&quot;}\">\n\t\t\t<div class=\"elementor-widget-wrap elementor-element-populated\">\n\t\t\t\t\t\t<div class=\"elementor-element elementor-element-1b8b9d8 elementor-align-center elementor-widget elementor-widget-button\" data-id=\"1b8b9d8\" data-element_type=\"widget\" data-widget_type=\"button.default\">\n\t\t\t\t<div class=\"elementor-widget-container\">\n\t\t\t\t\t\t\t\t\t<div class=\"elementor-button-wrapper\">\n\t\t\t\t\t<a class=\"elementor-button elementor-button-link elementor-size-sm\" href=\"https:\/\/qtour.org\/ima-jedan-granicar-boja-mu-je-plava\/#pocetna-15\">\n\t\t\t\t\t\t<span class=\"elementor-button-content-wrapper\">\n\t\t\t\t\t\t\t\t\t<span class=\"elementor-button-text\">Natrag<\/span>\n\t\t\t\t\t<\/span>\n\t\t\t\t\t<\/a>\n\t\t\t\t<\/div>\n\t\t\t\t\t\t\t\t<\/div>\n\t\t\t\t<\/div>\n\t\t\t\t\t<\/div>\n\t\t<\/div>\n\t\t\t\t<div class=\"elementor-column elementor-col-50 elementor-inner-column elementor-element elementor-element-5e27e4a\" data-id=\"5e27e4a\" data-element_type=\"column\" data-settings=\"{&quot;background_background&quot;:&quot;classic&quot;}\">\n\t\t\t<div class=\"elementor-widget-wrap elementor-element-populated\">\n\t\t\t\t\t\t<div class=\"elementor-element elementor-element-4c226e1 elementor-align-center elementor-widget elementor-widget-button\" data-id=\"4c226e1\" data-element_type=\"widget\" data-widget_type=\"button.default\">\n\t\t\t\t<div class=\"elementor-widget-container\">\n\t\t\t\t\t\t\t\t\t<div class=\"elementor-button-wrapper\">\n\t\t\t\t\t<a class=\"elementor-button elementor-button-link elementor-size-sm\" href=\"https:\/\/qtour.org\/ima-jedan-granicar-boja-mu-je-plava\/#pocetna-4\">\n\t\t\t\t\t\t<span class=\"elementor-button-content-wrapper\">\n\t\t\t\t\t\t\t\t\t<span class=\"elementor-button-text\">Vrati na sadr\u017eaj<\/span>\n\t\t\t\t\t<\/span>\n\t\t\t\t\t<\/a>\n\t\t\t\t<\/div>\n\t\t\t\t\t\t\t\t<\/div>\n\t\t\t\t<\/div>\n\t\t\t\t\t<\/div>\n\t\t<\/div>\n\t\t\t\t\t<\/div>\n\t\t<\/section>\n\t\t\t\t\t<\/div>\n\t\t<\/div>\n\t\t\t\t\t<\/div>\n\t\t<\/section>\n\t\t\t\t<\/div>\n\t\t","protected":false},"excerpt":{"rendered":"<p>NK \u201eGRANI\u010cAR\u201c 2010.-2020. G. < Vrati na sadr\u017eaj Nakon privremenog pada u \u010cetvrtu hrvatsku ligu, Grani\u010dar se od 2019. g. ponovo natje\u010de u Tre\u0107oj hrvatskoj nogometnoj ligi istok. U nekoliko navrata u\u0161ao je u 1\/16 zavr\u0161nice Hrvatskog kupa. NK \u201eGrani\u010dar\u201c se ponosi i time da su u njegovom dresu igrali neki poznati hrvatski nogometa\u0161i, kao&hellip;&nbsp;<a href=\"https:\/\/qtour.org\/de\/ima-jedan-granicar-boja-mu-je-plava\/nk-granicar-2010-2020\/\" class=\"\" rel=\"bookmark\">Read More &raquo;<span class=\"screen-reader-text\">NK \u201eGRANI\u010cAR\u201c 2010.-2020.<\/span><\/a><\/p>\n","protected":false},"author":1,"featured_media":6659,"parent":5856,"menu_order":0,"comment_status":"closed","ping_status":"closed","template":"elementor_header_footer","meta":{"footnotes":""},"tags":[],"folder":[9],"class_list":["post-6429","page","type-page","status-publish","has-post-thumbnail","hentry"],"_links":{"self":[{"href":"https:\/\/qtour.org\/de\/wp-json\/wp\/v2\/pages\/6429","targetHints":{"allow":["GET"]}}],"collection":[{"href":"https:\/\/qtour.org\/de\/wp-json\/wp\/v2\/pages"}],"about":[{"href":"https:\/\/qtour.org\/de\/wp-json\/wp\/v2\/types\/page"}],"author":[{"embeddable":true,"href":"https:\/\/qtour.org\/de\/wp-json\/wp\/v2\/users\/1"}],"replies":[{"embeddable":true,"href":"https:\/\/qtour.org\/de\/wp-json\/wp\/v2\/comments?post=6429"}],"version-history":[{"count":0,"href":"https:\/\/qtour.org\/de\/wp-json\/wp\/v2\/pages\/6429\/revisions"}],"up":[{"embeddable":true,"href":"https:\/\/qtour.org\/de\/wp-json\/wp\/v2\/pages\/5856"}],"wp:featuredmedia":[{"embeddable":true,"href":"https:\/\/qtour.org\/de\/wp-json\/wp\/v2\/media\/6659"}],"wp:attachment":[{"href":"https:\/\/qtour.org\/de\/wp-json\/wp\/v2\/media?parent=6429"}],"wp:term":[{"taxonomy":"post_tag","embeddable":true,"href":"https:\/\/qtour.org\/de\/wp-json\/wp\/v2\/tags?post=6429"},{"taxonomy":"folder","embeddable":true,"href":"https:\/\/qtour.org\/de\/wp-json\/wp\/v2\/folder?post=6429"}],"curies":[{"name":"wp","href":"https:\/\/api.w.org\/{rel}","templated":true}]}}